{"id":4745,"date":"2024-03-05T18:47:31","date_gmt":"2024-03-05T17:47:31","guid":{"rendered":"https:\/\/www.die-neue-sammlung.de\/?post_type=exhibition&#038;p=4745"},"modified":"2024-06-28T14:59:27","modified_gmt":"2024-06-28T12:59:27","slug":"friedrich-von-borries-politics-of-design-design-of-politics","status":"publish","type":"exhibition","link":"https:\/\/www.die-neue-sammlung.de\/en\/ausstellung\/friedrich-von-borries-politics-of-design-design-of-politics\/","title":{"rendered":"Friedrich von Borries. Politics of Design. Design of Politics"},"content":{"rendered":"<section class='wp-block-ho-pattern ' data-pattern='ho\/header-ausstellung'>\n\n<div  class='margin-bottom-7'>\n\n<div  class='container-fluid'>\n\n<div  class='row'>\n\n<div  class='col col-xs-12 col-md-6'>\n\n<div  class='margin-bottom-4'><div class=\"wp-block-ho-slot \">\t<span class=\"ho-tag is-tertiary is-small\">\n\t\t<span class=\"ho-tag-label\"><span class=\"sr-only\">Event period : <\/span>30.11.2018 &#8211; 29.09.2019<\/span>\n\t<\/span>\n<\/div>\n<\/div>\n\n\n\n\n<div  class='margin-bottom-4'>\n<h1>Friedrich von Borries. Politics of Design. Design of Politics<\/h1>\n<\/div>\n\n\n\n\n<div  class='margin-bottom-4'><div class=body-large>Deals with the relationship between politics and design as well as the question of the field of tension in which designers and architects operate.<\/div><\/div>\n<\/div>\n<\/div>\n<\/div>\n\n\n\n\n<div  class='margin-bottom-4'><figure itemscope itemtype=\"http:\/\/schema.org\/ImageObject\" class=\"lazy-media-inline \" role=\"group\" aria-describedby=\"media_SkEXp1\">\n<div class=\"height-container \" style=\"padding-bottom:34.63%;   \">\n\t<div class=\"height-container-contents lazy-media-contents\">\n\t\n\t<div class=\"lazy-media-preview\" style=\"background-image: url('data:image\/jpeg;base64,\/9j\/4AAQSkZJRgABAQEAYABgAAD\/\/gA7Q1JFQVRPUjogZ2QtanBlZyB2MS4wICh1c2luZyBJSkcgSlBFRyB2NjIpLCBxdWFsaXR5ID0gOTAK\/9sAQwADAgIDAgIDAwMDBAMDBAUIBQUEBAUKBwcGCAwKDAwLCgsLDQ4SEA0OEQ4LCxAWEBETFBUVFQwPFxgWFBgSFBUU\/9sAQwEDBAQFBAUJBQUJFA0LDRQUFBQUFBQUFBQUFBQUFBQUFBQUFBQUFBQUFBQUFBQUFBQUFBQUFBQUFBQUFBQUFBQU\/8AAEQgADwAYAwEiAAIRAQMRAf\/EAB8AAAEFAQEBAQEBAAAAAAAAAAABAgMEBQYHCAkKC\/\/EALUQAAIBAwMCBAMFBQQEAAABfQECAwAEEQUSITFBBhNRYQcicRQygZGhCCNCscEVUtHwJDNicoIJChYXGBkaJSYnKCkqNDU2Nzg5OkNERUZHSElKU1RVVldYWVpjZGVmZ2hpanN0dXZ3eHl6g4SFhoeIiYqSk5SVlpeYmZqio6Slpqeoqaqys7S1tre4ubrCw8TFxsfIycrS09TV1tfY2drh4uPk5ebn6Onq8fLz9PX29\/j5+v\/EAB8BAAMBAQEBAQEBAQEAAAAAAAABAgMEBQYHCAkKC\/\/EALURAAIBAgQEAwQHBQQEAAECdwABAgMRBAUhMQYSQVEHYXETIjKBCBRCkaGxwQkjM1LwFWJy0QoWJDThJfEXGBkaJicoKSo1Njc4OTpDREVGR0hJSlNUVVZXWFlaY2RlZmdoaWpzdHV2d3h5eoKDhIWGh4iJipKTlJWWl5iZmqKjpKWmp6ipqrKztLW2t7i5usLDxMXGx8jJytLT1NXW19jZ2uLj5OXm5+jp6vLz9PX29\/j5+v\/aAAwDAQACEQMRAD8A+lvGnwP8FeGLObxDo0Nxo+rw4kDadL5ZLf7S9PwqT4UfHqLX7tdK1VD9qhl8o3cbgo69mNX\/AIsWieJvBWuxw3r2H2iPebhFyyH2r5Q0+ytPDN1ATrN7dr5HkFlQJxn+fvXJ7X2b5U\/kdjg6y55a+bP0I1+8igQMJA0YGdw6EUV8n3P7VNtDFZabLpkrWcUaxPLu+bAGM4oq1Ub1ZHs0j\/\/Z'); background-position: 50% 50%; height: 100%; width: 100%;\"><\/div>\n\n\t\n\t\t<lazy-media-inline\n\t\t:sizes=\"{&quot;medium&quot;:{&quot;file&quot;:&quot;20181130_dns_borries_seibel-300x200.jpg&quot;,&quot;width&quot;:300,&quot;height&quot;:200,&quot;mime-type&quot;:&quot;image\\\/jpeg&quot;,&quot;filesize&quot;:14713},&quot;large&quot;:{&quot;file&quot;:&quot;20181130_dns_borries_seibel-1024x683.jpg&quot;,&quot;width&quot;:1024,&quot;height&quot;:683,&quot;mime-type&quot;:&quot;image\\\/jpeg&quot;,&quot;filesize&quot;:94954},&quot;medium_large&quot;:{&quot;file&quot;:&quot;20181130_dns_borries_seibel-768x512.jpg&quot;,&quot;width&quot;:768,&quot;height&quot;:512,&quot;mime-type&quot;:&quot;image\\\/jpeg&quot;,&quot;filesize&quot;:60848},&quot;1536x1536&quot;:{&quot;file&quot;:&quot;20181130_dns_borries_seibel-1536x1024.jpg&quot;,&quot;width&quot;:1536,&quot;height&quot;:1024,&quot;mime-type&quot;:&quot;image\\\/jpeg&quot;,&quot;filesize&quot;:175700},&quot;2048x2048&quot;:{&quot;file&quot;:&quot;20181130_dns_borries_seibel-2048x1365.jpg&quot;,&quot;width&quot;:2048,&quot;height&quot;:1365,&quot;mime-type&quot;:&quot;image\\\/jpeg&quot;,&quot;filesize&quot;:274204},&quot;small&quot;:{&quot;file&quot;:&quot;20181130_dns_borries_seibel-440x293.jpg&quot;,&quot;width&quot;:440,&quot;height&quot;:293,&quot;mime-type&quot;:&quot;image\\\/jpeg&quot;,&quot;filesize&quot;:26525},&quot;semi&quot;:{&quot;file&quot;:&quot;20181130_dns_borries_seibel-580x387.jpg&quot;,&quot;width&quot;:580,&quot;height&quot;:387,&quot;mime-type&quot;:&quot;image\\\/jpeg&quot;,&quot;filesize&quot;:40049},&quot;mobile&quot;:{&quot;file&quot;:&quot;20181130_dns_borries_seibel-720x480.jpg&quot;,&quot;width&quot;:720,&quot;height&quot;:480,&quot;mime-type&quot;:&quot;image\\\/jpeg&quot;,&quot;filesize&quot;:55103},&quot;hd&quot;:{&quot;file&quot;:&quot;20181130_dns_borries_seibel-1280x853.jpg&quot;,&quot;width&quot;:1280,&quot;height&quot;:853,&quot;mime-type&quot;:&quot;image\\\/jpeg&quot;,&quot;filesize&quot;:132542},&quot;full&quot;:{&quot;file&quot;:&quot;20181130_dns_borries_seibel-1920x1280.jpg&quot;,&quot;width&quot;:1920,&quot;height&quot;:1280,&quot;mime-type&quot;:&quot;image\\\/jpeg&quot;,&quot;filesize&quot;:247409},&quot;original&quot;:{&quot;file&quot;:&quot;20181130_dns_borries_seibel.jpg&quot;,&quot;width&quot;:3543,&quot;height&quot;:2362}}\"\n\t\t:alt=\"&quot;Wall in front of the type case, labelled with exhibition themes such as Sexualizes, Forms, Disciplines.&quot;\"\n\t\t:path=\"&quot;\\\/wp-content\\\/uploads\\\/2024\\\/02\\\/&quot;\"\n\t\t:video=\"&quot;&quot;\"\n\t\t:autoplay=\"null\"\n\t\t:youtube=\"&quot;&quot;\"\n\t\t:youtubelabel=\"&quot;play&quot;\"\n\t\t:brightness=\"1\"\n\t\t:crop=\"{&quot;x&quot;:0.5,&quot;y&quot;:0.5}\"\n\t\t:background=\"true\"\n\t\t:scale=\"1\"\n\t\t:zoom=\"false\"\n\t\t:annotations=\"null\"><\/lazy-media-inline>\n\t\t\t<\/div>\n<\/div>\n\n\n\n\n\n\t\t<figcaption class=\"\" id=\"media_SkEXp1\">\n\t\t\t<div class=\"figcaption-wrapper\">\n\t\t\t\t\t\t\t<div class=\"lazy-media-image-label\">View of the exhibition, Friedrich von Borries. Politics of Design. Design of Politics, 2018.<\/div>\n\t\t\t\t\t\t\t\t\t\t<div class=\"lazy-media-image-description\">Photo: Anna Seibel <\/div>\n\t\t\t\t\t\t\t\t\t<\/div>\n\t\t<\/figcaption>\n\t\n<\/figure>\n\n\t\t<\/div>\n\n\n\n\n<div  class='container-fluid'><div class=\"wp-block-ho-slot \"><\/div>\n<\/div>\n<\/div>\n<\/section>\n\n<section class='wp-block-ho-pattern ' data-pattern='ho\/uberschrift-mit-text-und-aufklappbarem-text'>\n\n<div  class='container-fluid margin-bottom-7'>\n\n<div  class='row padding-bottom-4'>\n\n<div  class='col col-xs-12 col-md-8'>\n<h2 class='h2' style=\"white-space: normal;\">About the Exhibition<\/h2>\n<\/div>\n<\/div>\n\n\n\n\n<div  class='row padding-bottom-4'>\n\n<div  class='col col-xs-12 col-md-8'>\t<p class='body'>Having in 2016 addressed the relationship between design and politics both from a literary angle in the novel project \u201cRLF. Das richtige Leben im Falschen\u201d and programmatically with the manifesto \u201cWeltentwerfen. Eine politische Designtheorie\u201d (Suhrkamp Verlag), Friedrich von Borries is now developing on this topic an intervention in the museum space at the invitation of Die Neue Sammlung \u2013 The Design Museum.<\/p>\n<\/div>\n<\/div>\n\n\n\n\n<div  class='row'>\n\n<div  class='col col-xs-12 col-md-8'>\n<reveal inline-template :margin=\"-130\" :mobile-margin=\"-110\"   :scroll-top-after-close=\"false\" :scroll-to-reveal-position-after-close=\"false\">\n\t<div class=\"content-reveal-wrapper\" :class=\"{'content-reveal-open': active }\" >\n\t\t<content-reveal :open=\"active\">\n\t\t\t\n<div class='content-reveal-content'>\t<p class='body'>The exhibition thus also continues a series on contemporary design positions held in the Paternoster Hall. For these, Die Neue Sammlung \u2013 The Design Museum has invited international protagonists of design such as Konstantin Grcic, Werner Aisslinger and Hella Jongerius to produce expansive and multipart installations since 2015.<br>The exhibition conceived by architect and design theorist Friedrich von Borries consists of three parts:<br>The first part \u2013 the engagement with \u201cPolitics of Design\u201d \u2013 shows which political moment design contains within itself through a series of interventions in the museum collection. Theses such as \u201cdesign sexualizes,\u201d \u201cdesign colonizes\u201d and \u201cdesign manipulates\u201d offer a new perspective on Coca-Cola advertising, the Sony Walkman, and modernist furniture. Yet the interventionist stance also includes questioning the museum\u2019s own power of interpretation. For this purpose, people were asked via an open call to bring objects to the museum; in September all participants then formed an independent jury. As a result, the museum is showing, among other things, models of vulvas, DIY furniture and urban gardening trash cans for the duration of the exhibition. The highlight of the engagement with the \u201cPolitics of Design\u201d is the design model of a slide created by Friedrich von Borries for Thonet with a view to the company\u2019s upcoming 200th anniversary. It addresses the fact that sitting down disciplines us and furthermore has a connection to possession \u2013 as seen in the German word \u201cbesitzen\u201d \u2013 while also raising the question of how we get into dynamic movement from the static, persisting seated position.<br>The second part of the exhibition is a subjective reflection on the work of Friedrich von Borries to date, displayed in the two paternoster elevators. By donating an artwork his heteronym, the artist Mikael Mikael, intervenes in the museum collection, while in a perpetuating, Sisyphean marble-run installation he also points to the fundamental dilemma of a politically active artist or designer, who will presumably never reach the \u2013 supposed \u2013 goal.<br>The third part \u2013 \u201cDesign of Politics\u201d \u2013 looks at the possibilities for shaping and changing politics through design. What contribution can design make to the social and cultural development of a society? Workshops are to be held in the context of the exhibition as a discursive, public design process in cooperation with the Federal Agency for Civic Education (Bundeszentrale f\u00fcr politische Bildung\/bpb). By means of an open call, interested citizens, activists, designers, artists and scientists are being invited to a series of workshops, a \u201cbase camp for democracy,\u201d at which project ideas are to be jointly developed. The results will be discussed publicly with high-profile guests from the fields of politics, science and culture. A Facebook page with text recommendations, book reviews and expert interviews is to accompany the search movement. This process will be documented in the exhibition.<br>The exhibition does not only address issues such as \u201csurveillance,\u201d \u201cself-fulfillment,\u201d \u201ccommodity,\u201d and \u201cmarket\u201d against the backdrop of democracy as a form of government that is both worthy of protection and simultaneously in need of improvement. Indeed, with a view to the relationship between politics and design, it also raises the question as to which contexts designers and architects now need to navigate if they want their work to be politically responsible. The catalogue accompanying the exhibition will be issued by Koenig Books.<br><br><\/p>\n<\/div>\n\t\t<\/content-reveal>\n\n\t\t<div class=\"content-reveal-controls\" @click=\"toggle\">\n\t\t\t<div class=\"reveal-controls-open\">\n\t\t\t\t<button type=\"button\" class=\"ho-button is-primary icon-with-text-outside-left\">\n\t<span class=\"ho-button-icon icon-read-more\" aria-hidden=\"true\"><\/span>\n\t<span class=\"ho-button-label\">Read More<\/span>\n<\/button>\t\t\t<\/div>\n\t\t\t<div class=\"reveal-controls-close\">\n\t\t\t\t<button type=\"button\" class=\"ho-button is-primary icon-with-text-outside-left\">\n\t<span class=\"ho-button-icon icon-read-less\" aria-hidden=\"true\"><\/span>\n\t<span class=\"ho-button-label\">Read Less<\/span>\n<\/button>\t\t\t<\/div>\n\t\t<\/div>\n\t<\/div>\n<\/reveal>\n<\/div>\n<\/div>\n<\/div>\n<\/section>\n\n<section class='wp-block-ho-pattern ' data-pattern='ho\/bilder-galerie-mit-uberschrift'>\n\n<div  class='margin-bottom-7 padding-top-2'>\n\n<div  class='container-fluid'>\n\n<div  class='row'>\n\n<div  class='col col-xs-12 col-md-8 margin-bottom-4'>\n<h2  style=\"white-space: normal;\">Exhibition views<\/h2>\n<\/div>\n<\/div>\n<\/div>\n\n\n\n\n<div  class='image-lane'>\t\t<ho-lane data-component-id=\"desktop-69f2f2ce27fc7\"\n\t\t\t:data-orientation=\"'horizontal'\"\n\t\t\t:data-infinity-loop=\"null\"\n\t\t\t:data-lane-item-count=\"4\"\n\t\t\t:controls=\"&quot;&lt;div class=\\&quot;wp-block-ho-lane-controls\\&quot; data-slot=\\&quot;buttons-oben\\&quot;&gt;\\n\\t&lt;div class=\\&quot;wp-block-ho-lane-controls-row\\&quot;&gt;\\n\\t\\t&lt;div class=\\&quot;wp-block-ho-lane-controls-col\\&quot;&gt;\\n\\n\\t\\t\\t&lt;button type=\\&quot;button\\&quot; class=\\&quot;ho-button is-tertiary is-icon\\&quot; :disabled=\\&quot;!showPrev\\&quot; @click=\\&quot;prev\\&quot; aria-label=\\&quot;Vorheriges Element\\&quot;&gt;\\n\\t\\t\\t\\t&lt;span class=\\&quot;ho-button-icon icon-arrow-left\\&quot; aria-hidden=\\&quot;true\\&quot;&gt;&lt;\\\/span&gt;\\n\\t\\t\\t\\t&lt;span class=\\&quot;ho-button-label\\&quot;&gt;&lt;\\\/span&gt;\\n\\t\\t\\t&lt;\\\/button&gt;\\n\\n\\t\\t\\t&lt;button type=\\&quot;button\\&quot; class=\\&quot;ho-button is-tertiary is-icon\\&quot; :disabled=\\&quot;!showNext\\&quot; @click=\\&quot;next\\&quot; aria-label=\\&quot;N\\u00e4chstes Element\\&quot;&gt;\\n\\t\\t\\t\\t&lt;span class=\\&quot;ho-button-icon icon-arrow-right\\&quot; aria-hidden=\\&quot;true\\&quot;&gt;&lt;\\\/span&gt;\\n\\t\\t\\t\\t&lt;span class=\\&quot;ho-button-label\\&quot;&gt;&lt;\\\/span&gt;\\n\\t\\t\\t&lt;\\\/button&gt;\\n\\n\\t\\t&lt;\\\/div&gt;\\n\\t&lt;\\\/div&gt;\\n&lt;\\\/div&gt;&quot;\"\n\t\t\t:class-name=\"''\"\n\t\t\t:slot-name=\"'buttons-oben'\"\n\t\t\t:options-infinity-loop=\"null\">\n\t\t\t<template v-slot=\"{ scrollable }\">\n\t\t\t\t<div v-html=\"controls\"><\/div>\n\t\t\t\t\t\t\t\t\t<ul class=\"wp-block wp-block-ho-lane \" :class=\"{'scroll-disabled' : !scrollable}\" data-slot=\"buttons-oben\" tabindex=\"-1\">\n\t\t\t\t\t\t\n<li class=\"wp-block-ho-lane-item col col-md-4 col-xs-9\">\n\n<div  class='sizes-width-fixed' style='width: 100%;'><figure itemscope itemtype=\"http:\/\/schema.org\/ImageObject\" class=\"lazy-media-inline \" role=\"group\" aria-describedby=\"media_NQjuCY\">\n<div class=\"height-container \" style=\"padding-bottom:133.34%;   \">\n\t<div class=\"height-container-contents lazy-media-contents\">\n\t\n\t<div class=\"lazy-media-preview\" style=\"background-image: url('data:image\/jpeg;base64,\/9j\/4AAQSkZJRgABAQEAYABgAAD\/\/gA7Q1JFQVRPUjogZ2QtanBlZyB2MS4wICh1c2luZyBJSkcgSlBFRyB2NjIpLCBxdWFsaXR5ID0gOTAK\/9sAQwADAgIDAgIDAwMDBAMDBAUIBQUEBAUKBwcGCAwKDAwLCgsLDQ4SEA0OEQ4LCxAWEBETFBUVFQwPFxgWFBgSFBUU\/9sAQwEDBAQFBAUJBQUJFA0LDRQUFBQUFBQUFBQUFBQUFBQUFBQUFBQUFBQUFBQUFBQUFBQUFBQUFBQUFBQUFBQUFBQU\/8AAEQgAJAAYAwEiAAIRAQMRAf\/EAB8AAAEFAQEBAQEBAAAAAAAAAAABAgMEBQYHCAkKC\/\/EALUQAAIBAwMCBAMFBQQEAAABfQECAwAEEQUSITFBBhNRYQcicRQygZGhCCNCscEVUtHwJDNicoIJChYXGBkaJSYnKCkqNDU2Nzg5OkNERUZHSElKU1RVVldYWVpjZGVmZ2hpanN0dXZ3eHl6g4SFhoeIiYqSk5SVlpeYmZqio6Slpqeoqaqys7S1tre4ubrCw8TFxsfIycrS09TV1tfY2drh4uPk5ebn6Onq8fLz9PX29\/j5+v\/EAB8BAAMBAQEBAQEBAQEAAAAAAAABAgMEBQYHCAkKC\/\/EALURAAIBAgQEAwQHBQQEAAECdwABAgMRBAUhMQYSQVEHYXETIjKBCBRCkaGxwQkjM1LwFWJy0QoWJDThJfEXGBkaJicoKSo1Njc4OTpDREVGR0hJSlNUVVZXWFlaY2RlZmdoaWpzdHV2d3h5eoKDhIWGh4iJipKTlJWWl5iZmqKjpKWmp6ipqrKztLW2t7i5usLDxMXGx8jJytLT1NXW19jZ2uLj5OXm5+jp6vLz9PX29\/j5+v\/aAAwDAQACEQMRAD8A+7PiZf6jFrEwtbu4iAYDEbYHSvKPEfi3xFDHGsepXa4XJAfnPvV742\/E1PDHjm5t3R3RpFQlTwuR1Nedar4jS\/TUZYbjO8Aqc1yzpNu9zohVsrWPXfgT4h1bVfFMkN\/ez3MZXhZZN1FcJ+yteqPiJPBNeK07x7kiZuSO5AorSEOVWZM58zujQ+OXgO91\/wAX6rKtqZIZSrKSOuB1r5y8U6L4j0rWvs9navFcPC\/kLyUfHTI9a9o8Vftw+JLLUnjsfhr\/AGmiAqJTJjiuJu\/2ytZguo76P4Px3GoyMd4km\/1YHTFVKSfUhR8iX4H6DrcfxN8MTXDiyvlAFwQCrOp6hTRTbf8AbD8VNfRX6\/BmD7TEcxyG45T6UVClFbsbi+iNawt4zG7bRnGaxJIk+1n5R1ooriqHp09jUhOyMAdDRRRWNjVn\/9k='); background-position: 50% 50%; height: 100%; width: 100%;\"><\/div>\n\n\t\n\t\t<lazy-media-inline\n\t\t:sizes=\"{&quot;medium&quot;:{&quot;file&quot;:&quot;029_Borries_Foto-Anna-Seibel-200x300.jpg&quot;,&quot;width&quot;:200,&quot;height&quot;:300,&quot;mime-type&quot;:&quot;image\\\/jpeg&quot;,&quot;filesize&quot;:13041},&quot;large&quot;:{&quot;file&quot;:&quot;029_Borries_Foto-Anna-Seibel-683x1024.jpg&quot;,&quot;width&quot;:683,&quot;height&quot;:1024,&quot;mime-type&quot;:&quot;image\\\/jpeg&quot;,&quot;filesize&quot;:129223},&quot;medium_large&quot;:{&quot;file&quot;:&quot;029_Borries_Foto-Anna-Seibel-768x1152.jpg&quot;,&quot;width&quot;:768,&quot;height&quot;:1152,&quot;mime-type&quot;:&quot;image\\\/jpeg&quot;,&quot;filesize&quot;:160389},&quot;1536x1536&quot;:{&quot;file&quot;:&quot;029_Borries_Foto-Anna-Seibel-1024x1536.jpg&quot;,&quot;width&quot;:1024,&quot;height&quot;:1536,&quot;mime-type&quot;:&quot;image\\\/jpeg&quot;,&quot;filesize&quot;:273312},&quot;2048x2048&quot;:{&quot;file&quot;:&quot;029_Borries_Foto-Anna-Seibel-1365x2048.jpg&quot;,&quot;width&quot;:1365,&quot;height&quot;:2048,&quot;mime-type&quot;:&quot;image\\\/jpeg&quot;,&quot;filesize&quot;:464676},&quot;small&quot;:{&quot;file&quot;:&quot;029_Borries_Foto-Anna-Seibel-293x440.jpg&quot;,&quot;width&quot;:293,&quot;height&quot;:440,&quot;mime-type&quot;:&quot;image\\\/jpeg&quot;,&quot;filesize&quot;:25433},&quot;semi&quot;:{&quot;file&quot;:&quot;029_Borries_Foto-Anna-Seibel-387x580.jpg&quot;,&quot;width&quot;:387,&quot;height&quot;:580,&quot;mime-type&quot;:&quot;image\\\/jpeg&quot;,&quot;filesize&quot;:44922},&quot;mobile&quot;:{&quot;file&quot;:&quot;029_Borries_Foto-Anna-Seibel-480x720.jpg&quot;,&quot;width&quot;:480,&quot;height&quot;:720,&quot;mime-type&quot;:&quot;image\\\/jpeg&quot;,&quot;filesize&quot;:66088},&quot;hd&quot;:{&quot;file&quot;:&quot;029_Borries_Foto-Anna-Seibel-853x1280.jpg&quot;,&quot;width&quot;:853,&quot;height&quot;:1280,&quot;mime-type&quot;:&quot;image\\\/jpeg&quot;,&quot;filesize&quot;:194196},&quot;full&quot;:{&quot;file&quot;:&quot;029_Borries_Foto-Anna-Seibel-1280x1920.jpg&quot;,&quot;width&quot;:1280,&quot;height&quot;:1920,&quot;mime-type&quot;:&quot;image\\\/jpeg&quot;,&quot;filesize&quot;:411594},&quot;original&quot;:{&quot;file&quot;:&quot;029_Borries_Foto-Anna-Seibel.jpg&quot;,&quot;width&quot;:2362,&quot;height&quot;:3543}}\"\n\t\t:alt=\"&quot;Installation of six figures composed of pieces of metal in front of two aluminium door elements with six circular openings arranged in a horizontal double row in the upper quarter: Jean Prouv\\u00e9, around 1938.&quot;\"\n\t\t:path=\"&quot;\\\/wp-content\\\/uploads\\\/2024\\\/03\\\/&quot;\"\n\t\t:video=\"&quot;&quot;\"\n\t\t:autoplay=\"null\"\n\t\t:youtube=\"&quot;&quot;\"\n\t\t:youtubelabel=\"&quot;play&quot;\"\n\t\t:brightness=\"1\"\n\t\t:crop=\"{&quot;x&quot;:0.5,&quot;y&quot;:0.5}\"\n\t\t:background=\"true\"\n\t\t:scale=\"1\"\n\t\t:zoom=\"false\"\n\t\t:annotations=\"null\"><\/lazy-media-inline>\n\t\t\t<\/div>\n<\/div>\n\n\n\n\n\n\t\t<figcaption class=\"\" id=\"media_NQjuCY\">\n\t\t\t<div class=\"figcaption-wrapper\">\n\t\t\t\t\t\t\t<div class=\"lazy-media-image-label\">View of the exhibition, Friedrich von Borries. Politics of Design. Design of Politics, 2018.<\/div>\n\t\t\t\t\t\t\t\t\t\t<div class=\"lazy-media-image-description\">Photo: Anna Seibel <\/div>\n\t\t\t\t\t\t\t\t\t<\/div>\n\t\t<\/figcaption>\n\t\n<\/figure>\n\n\t\t<\/div>\n<\/li>\n\n\n<li class=\"wp-block-ho-lane-item col col-md-4 col-xs-9\">\n\n<div  class='sizes-width-fixed' style='width: 100%;'><figure itemscope itemtype=\"http:\/\/schema.org\/ImageObject\" class=\"lazy-media-inline \" role=\"group\" aria-describedby=\"media_WqvkDN\">\n<div class=\"height-container \" style=\"padding-bottom:133.34%;   \">\n\t<div class=\"height-container-contents lazy-media-contents\">\n\t\n\t<div class=\"lazy-media-preview\" style=\"background-image: url('data:image\/jpeg;base64,\/9j\/4AAQSkZJRgABAQEAYABgAAD\/\/gA7Q1JFQVRPUjogZ2QtanBlZyB2MS4wICh1c2luZyBJSkcgSlBFRyB2NjIpLCBxdWFsaXR5ID0gOTAK\/9sAQwADAgIDAgIDAwMDBAMDBAUIBQUEBAUKBwcGCAwKDAwLCgsLDQ4SEA0OEQ4LCxAWEBETFBUVFQwPFxgWFBgSFBUU\/9sAQwEDBAQFBAUJBQUJFA0LDRQUFBQUFBQUFBQUFBQUFBQUFBQUFBQUFBQUFBQUFBQUFBQUFBQUFBQUFBQUFBQUFBQU\/8AAEQgADwAYAwEiAAIRAQMRAf\/EAB8AAAEFAQEBAQEBAAAAAAAAAAABAgMEBQYHCAkKC\/\/EALUQAAIBAwMCBAMFBQQEAAABfQECAwAEEQUSITFBBhNRYQcicRQygZGhCCNCscEVUtHwJDNicoIJChYXGBkaJSYnKCkqNDU2Nzg5OkNERUZHSElKU1RVVldYWVpjZGVmZ2hpanN0dXZ3eHl6g4SFhoeIiYqSk5SVlpeYmZqio6Slpqeoqaqys7S1tre4ubrCw8TFxsfIycrS09TV1tfY2drh4uPk5ebn6Onq8fLz9PX29\/j5+v\/EAB8BAAMBAQEBAQEBAQEAAAAAAAABAgMEBQYHCAkKC\/\/EALURAAIBAgQEAwQHBQQEAAECdwABAgMRBAUhMQYSQVEHYXETIjKBCBRCkaGxwQkjM1LwFWJy0QoWJDThJfEXGBkaJicoKSo1Njc4OTpDREVGR0hJSlNUVVZXWFlaY2RlZmdoaWpzdHV2d3h5eoKDhIWGh4iJipKTlJWWl5iZmqKjpKWmp6ipqrKztLW2t7i5usLDxMXGx8jJytLT1NXW19jZ2uLj5OXm5+jp6vLz9PX29\/j5+v\/aAAwDAQACEQMRAD8A+wf2vPjZd\/Bb4I634l0SJTqEJVEY8hMnGa+MPgJ\/wUY8ceMPE+nabqU1iLYMGuJ7khBszzz619g\/Fbw1pfi74SeJLLxIDcaZLav5iqMsOOCPfNfnh8CP2O9J8XeIJYDrc9jAxO2TZuO3PyjFZJRb946FNpWR+xGka7Fq+lWt9byLNBPGJEdDkEEdqKwPBWhp4Q8E6PpKTG4SytkhWUjBcAYzRV3Mj\/\/Z'); background-position: 50% 50%; height: 100%; width: 100%;\"><\/div>\n\n\t\n\t\t<lazy-media-inline\n\t\t:sizes=\"{&quot;medium&quot;:{&quot;file&quot;:&quot;008_Borries_Foto-Anna-Seibel-300x200.jpg&quot;,&quot;width&quot;:300,&quot;height&quot;:200,&quot;mime-type&quot;:&quot;image\\\/jpeg&quot;,&quot;filesize&quot;:6311},&quot;large&quot;:{&quot;file&quot;:&quot;008_Borries_Foto-Anna-Seibel-1024x683.jpg&quot;,&quot;width&quot;:1024,&quot;height&quot;:683,&quot;mime-type&quot;:&quot;image\\\/jpeg&quot;,&quot;filesize&quot;:39733},&quot;medium_large&quot;:{&quot;file&quot;:&quot;008_Borries_Foto-Anna-Seibel-768x512.jpg&quot;,&quot;width&quot;:768,&quot;height&quot;:512,&quot;mime-type&quot;:&quot;image\\\/jpeg&quot;,&quot;filesize&quot;:23748},&quot;1536x1536&quot;:{&quot;file&quot;:&quot;008_Borries_Foto-Anna-Seibel-1536x1024.jpg&quot;,&quot;width&quot;:1536,&quot;height&quot;:1024,&quot;mime-type&quot;:&quot;image\\\/jpeg&quot;,&quot;filesize&quot;:89196},&quot;2048x2048&quot;:{&quot;file&quot;:&quot;008_Borries_Foto-Anna-Seibel-2048x1365.jpg&quot;,&quot;width&quot;:2048,&quot;height&quot;:1365,&quot;mime-type&quot;:&quot;image\\\/jpeg&quot;,&quot;filesize&quot;:168623},&quot;small&quot;:{&quot;file&quot;:&quot;008_Borries_Foto-Anna-Seibel-440x293.jpg&quot;,&quot;width&quot;:440,&quot;height&quot;:293,&quot;mime-type&quot;:&quot;image\\\/jpeg&quot;,&quot;filesize&quot;:10501},&quot;semi&quot;:{&quot;file&quot;:&quot;008_Borries_Foto-Anna-Seibel-580x387.jpg&quot;,&quot;width&quot;:580,&quot;height&quot;:387,&quot;mime-type&quot;:&quot;image\\\/jpeg&quot;,&quot;filesize&quot;:15733},&quot;mobile&quot;:{&quot;file&quot;:&quot;008_Borries_Foto-Anna-Seibel-720x480.jpg&quot;,&quot;width&quot;:720,&quot;height&quot;:480,&quot;mime-type&quot;:&quot;image\\\/jpeg&quot;,&quot;filesize&quot;:21209},&quot;hd&quot;:{&quot;file&quot;:&quot;008_Borries_Foto-Anna-Seibel-1280x853.jpg&quot;,&quot;width&quot;:1280,&quot;height&quot;:853,&quot;mime-type&quot;:&quot;image\\\/jpeg&quot;,&quot;filesize&quot;:61584},&quot;full&quot;:{&quot;file&quot;:&quot;008_Borries_Foto-Anna-Seibel-1920x1280.jpg&quot;,&quot;width&quot;:1920,&quot;height&quot;:1280,&quot;mime-type&quot;:&quot;image\\\/jpeg&quot;,&quot;filesize&quot;:145772},&quot;original&quot;:{&quot;file&quot;:&quot;008_Borries_Foto-Anna-Seibel.jpg&quot;,&quot;width&quot;:3543,&quot;height&quot;:2362}}\"\n\t\t:alt=\"&quot;An early baby monitor in the shape of a stylised head, with horizontal slits on the front, made of Bakelite, Radio Nurse by Isamu Noguchi, 1937, in front of it a mobile phone with cracks in the glass.&quot;\"\n\t\t:path=\"&quot;\\\/wp-content\\\/uploads\\\/2024\\\/03\\\/&quot;\"\n\t\t:video=\"&quot;&quot;\"\n\t\t:autoplay=\"null\"\n\t\t:youtube=\"&quot;&quot;\"\n\t\t:youtubelabel=\"&quot;play&quot;\"\n\t\t:brightness=\"1\"\n\t\t:crop=\"{&quot;x&quot;:0.5,&quot;y&quot;:0.5}\"\n\t\t:background=\"true\"\n\t\t:scale=\"1\"\n\t\t:zoom=\"false\"\n\t\t:annotations=\"null\"><\/lazy-media-inline>\n\t\t\t<\/div>\n<\/div>\n\n\n\n\n\n\t\t<figcaption class=\"\" id=\"media_WqvkDN\">\n\t\t\t<div class=\"figcaption-wrapper\">\n\t\t\t\t\t\t\t<div class=\"lazy-media-image-label\">View of the exhibition, Friedrich von Borries. Politics of Design. Design of Politics, 2018.<\/div>\n\t\t\t\t\t\t\t\t\t\t<div class=\"lazy-media-image-description\">Photo: Anna Seibel <\/div>\n\t\t\t\t\t\t\t\t\t<\/div>\n\t\t<\/figcaption>\n\t\n<\/figure>\n\n\t\t<\/div>\n<\/li>\n\n\n<li class=\"wp-block-ho-lane-item col col-md-4 col-xs-9\">\n\n<div  class='sizes-width-fixed' style='width: 100%;'><figure itemscope itemtype=\"http:\/\/schema.org\/ImageObject\" class=\"lazy-media-inline \" role=\"group\" aria-describedby=\"media_HsOE1p\">\n<div class=\"height-container \" style=\"padding-bottom:133.34%;   \">\n\t<div class=\"height-container-contents lazy-media-contents\">\n\t\n\t<div class=\"lazy-media-preview\" style=\"background-image: url('data:image\/jpeg;base64,\/9j\/4AAQSkZJRgABAQEAYABgAAD\/\/gA7Q1JFQVRPUjogZ2QtanBlZyB2MS4wICh1c2luZyBJSkcgSlBFRyB2NjIpLCBxdWFsaXR5ID0gOTAK\/9sAQwADAgIDAgIDAwMDBAMDBAUIBQUEBAUKBwcGCAwKDAwLCgsLDQ4SEA0OEQ4LCxAWEBETFBUVFQwPFxgWFBgSFBUU\/9sAQwEDBAQFBAUJBQUJFA0LDRQUFBQUFBQUFBQUFBQUFBQUFBQUFBQUFBQUFBQUFBQUFBQUFBQUFBQUFBQUFBQUFBQU\/8AAEQgADwAYAwEiAAIRAQMRAf\/EAB8AAAEFAQEBAQEBAAAAAAAAAAABAgMEBQYHCAkKC\/\/EALUQAAIBAwMCBAMFBQQEAAABfQECAwAEEQUSITFBBhNRYQcicRQygZGhCCNCscEVUtHwJDNicoIJChYXGBkaJSYnKCkqNDU2Nzg5OkNERUZHSElKU1RVVldYWVpjZGVmZ2hpanN0dXZ3eHl6g4SFhoeIiYqSk5SVlpeYmZqio6Slpqeoqaqys7S1tre4ubrCw8TFxsfIycrS09TV1tfY2drh4uPk5ebn6Onq8fLz9PX29\/j5+v\/EAB8BAAMBAQEBAQEBAQEAAAAAAAABAgMEBQYHCAkKC\/\/EALURAAIBAgQEAwQHBQQEAAECdwABAgMRBAUhMQYSQVEHYXETIjKBCBRCkaGxwQkjM1LwFWJy0QoWJDThJfEXGBkaJicoKSo1Njc4OTpDREVGR0hJSlNUVVZXWFlaY2RlZmdoaWpzdHV2d3h5eoKDhIWGh4iJipKTlJWWl5iZmqKjpKWmp6ipqrKztLW2t7i5usLDxMXGx8jJytLT1NXW19jZ2uLj5OXm5+jp6vLz9PX29\/j5+v\/aAAwDAQACEQMRAD8A+0fA\/wAWdM\/aB+F+j65pcV1a6VqsTko3DoQa57xZqGgWduLBr6+tTAG38Z3DHOa\/LrVv2jvG\/wAMvsejeGdRaysZBi3sUOI4SfSvo\/4MyeOWNlr2va2NVNxFvkt5zuUZ9K5JK7UjtjGya6nqXxXudD1ObRXFxJHpy23FzLjcfbB60VyXi\/wnZfF7xDDYX11LZzJA8dq0OQkbY4OBRWlNtLQmdrn\/2Q=='); background-position: 50% 50%; height: 100%; width: 100%;\"><\/div>\n\n\t\n\t\t<lazy-media-inline\n\t\t:sizes=\"{&quot;medium&quot;:{&quot;file&quot;:&quot;019_Borries_Foto-Anna-Seibel-_neu-300x200.jpg&quot;,&quot;width&quot;:300,&quot;height&quot;:200,&quot;mime-type&quot;:&quot;image\\\/jpeg&quot;,&quot;filesize&quot;:14787},&quot;large&quot;:{&quot;file&quot;:&quot;019_Borries_Foto-Anna-Seibel-_neu-1024x683.jpg&quot;,&quot;width&quot;:1024,&quot;height&quot;:683,&quot;mime-type&quot;:&quot;image\\\/jpeg&quot;,&quot;filesize&quot;:104252},&quot;medium_large&quot;:{&quot;file&quot;:&quot;019_Borries_Foto-Anna-Seibel-_neu-768x512.jpg&quot;,&quot;width&quot;:768,&quot;height&quot;:512,&quot;mime-type&quot;:&quot;image\\\/jpeg&quot;,&quot;filesize&quot;:64404},&quot;1536x1536&quot;:{&quot;file&quot;:&quot;019_Borries_Foto-Anna-Seibel-_neu-1536x1024.jpg&quot;,&quot;width&quot;:1536,&quot;height&quot;:1024,&quot;mime-type&quot;:&quot;image\\\/jpeg&quot;,&quot;filesize&quot;:207222},&quot;2048x2048&quot;:{&quot;file&quot;:&quot;019_Borries_Foto-Anna-Seibel-_neu-2048x1365.jpg&quot;,&quot;width&quot;:2048,&quot;height&quot;:1365,&quot;mime-type&quot;:&quot;image\\\/jpeg&quot;,&quot;filesize&quot;:342715},&quot;small&quot;:{&quot;file&quot;:&quot;019_Borries_Foto-Anna-Seibel-_neu-440x293.jpg&quot;,&quot;width&quot;:440,&quot;height&quot;:293,&quot;mime-type&quot;:&quot;image\\\/jpeg&quot;,&quot;filesize&quot;:26707},&quot;semi&quot;:{&quot;file&quot;:&quot;019_Borries_Foto-Anna-Seibel-_neu-580x387.jpg&quot;,&quot;width&quot;:580,&quot;height&quot;:387,&quot;mime-type&quot;:&quot;image\\\/jpeg&quot;,&quot;filesize&quot;:41921},&quot;mobile&quot;:{&quot;file&quot;:&quot;019_Borries_Foto-Anna-Seibel-_neu-720x480.jpg&quot;,&quot;width&quot;:720,&quot;height&quot;:480,&quot;mime-type&quot;:&quot;image\\\/jpeg&quot;,&quot;filesize&quot;:58657},&quot;hd&quot;:{&quot;file&quot;:&quot;019_Borries_Foto-Anna-Seibel-_neu-1280x853.jpg&quot;,&quot;width&quot;:1280,&quot;height&quot;:853,&quot;mime-type&quot;:&quot;image\\\/jpeg&quot;,&quot;filesize&quot;:153063},&quot;full&quot;:{&quot;file&quot;:&quot;019_Borries_Foto-Anna-Seibel-_neu-1920x1280.jpg&quot;,&quot;width&quot;:1920,&quot;height&quot;:1280,&quot;mime-type&quot;:&quot;image\\\/jpeg&quot;,&quot;filesize&quot;:306650},&quot;original&quot;:{&quot;file&quot;:&quot;019_Borries_Foto-Anna-Seibel-_neu.jpg&quot;,&quot;width&quot;:3543,&quot;height&quot;:2362}}\"\n\t\t:alt=\"&quot;A look at the exhibition, Friedrich von Borries. Politics of Design. Design of Politics, Pater Noster Hall with cross-shaped conference table.&quot;\"\n\t\t:path=\"&quot;\\\/wp-content\\\/uploads\\\/2024\\\/03\\\/&quot;\"\n\t\t:video=\"&quot;&quot;\"\n\t\t:autoplay=\"null\"\n\t\t:youtube=\"&quot;&quot;\"\n\t\t:youtubelabel=\"&quot;play&quot;\"\n\t\t:brightness=\"1\"\n\t\t:crop=\"{&quot;x&quot;:0.5,&quot;y&quot;:0.5}\"\n\t\t:background=\"true\"\n\t\t:scale=\"1\"\n\t\t:zoom=\"false\"\n\t\t:annotations=\"null\"><\/lazy-media-inline>\n\t\t\t<\/div>\n<\/div>\n\n\n\n\n\n\t\t<figcaption class=\"\" id=\"media_HsOE1p\">\n\t\t\t<div class=\"figcaption-wrapper\">\n\t\t\t\t\t\t\t<div class=\"lazy-media-image-label\">View of the exhibition, Friedrich von Borries. Politics of Design. Design of Politics, 2018.<\/div>\n\t\t\t\t\t\t\t\t\t\t<div class=\"lazy-media-image-description\">Photo: Anna Seibel <\/div>\n\t\t\t\t\t\t\t\t\t<\/div>\n\t\t<\/figcaption>\n\t\n<\/figure>\n\n\t\t<\/div>\n<\/li>\n\n\n<li class=\"wp-block-ho-lane-item col col-md-4 col-xs-9\">\n\n<div  class='sizes-width-fixed' style='width: 100%;'><figure itemscope itemtype=\"http:\/\/schema.org\/ImageObject\" class=\"lazy-media-inline \" role=\"group\" aria-describedby=\"media_7u77ix\">\n<div class=\"height-container \" style=\"padding-bottom:133.34%;   \">\n\t<div class=\"height-container-contents lazy-media-contents\">\n\t\n\t<div class=\"lazy-media-preview\" style=\"background-image: url('data:image\/jpeg;base64,\/9j\/4AAQSkZJRgABAQEAYABgAAD\/\/gA7Q1JFQVRPUjogZ2QtanBlZyB2MS4wICh1c2luZyBJSkcgSlBFRyB2NjIpLCBxdWFsaXR5ID0gOTAK\/9sAQwADAgIDAgIDAwMDBAMDBAUIBQUEBAUKBwcGCAwKDAwLCgsLDQ4SEA0OEQ4LCxAWEBETFBUVFQwPFxgWFBgSFBUU\/9sAQwEDBAQFBAUJBQUJFA0LDRQUFBQUFBQUFBQUFBQUFBQUFBQUFBQUFBQUFBQUFBQUFBQUFBQUFBQUFBQUFBQUFBQU\/8AAEQgAIgAYAwEiAAIRAQMRAf\/EAB8AAAEFAQEBAQEBAAAAAAAAAAABAgMEBQYHCAkKC\/\/EALUQAAIBAwMCBAMFBQQEAAABfQECAwAEEQUSITFBBhNRYQcicRQygZGhCCNCscEVUtHwJDNicoIJChYXGBkaJSYnKCkqNDU2Nzg5OkNERUZHSElKU1RVVldYWVpjZGVmZ2hpanN0dXZ3eHl6g4SFhoeIiYqSk5SVlpeYmZqio6Slpqeoqaqys7S1tre4ubrCw8TFxsfIycrS09TV1tfY2drh4uPk5ebn6Onq8fLz9PX29\/j5+v\/EAB8BAAMBAQEBAQEBAQEAAAAAAAABAgMEBQYHCAkKC\/\/EALURAAIBAgQEAwQHBQQEAAECdwABAgMRBAUhMQYSQVEHYXETIjKBCBRCkaGxwQkjM1LwFWJy0QoWJDThJfEXGBkaJicoKSo1Njc4OTpDREVGR0hJSlNUVVZXWFlaY2RlZmdoaWpzdHV2d3h5eoKDhIWGh4iJipKTlJWWl5iZmqKjpKWmp6ipqrKztLW2t7i5usLDxMXGx8jJytLT1NXW19jZ2uLj5OXm5+jp6vLz9PX29\/j5+v\/aAAwDAQACEQMRAD8A9hMfeuw8MaHod7pLS3t1suiSAucYrn9OtVunk3gskaFtoPU9hTNH0e+1WG6mciNIWbFqoz27t61WIqcvup6muFoc\/vyXui3tqLeZkU5TOVb1FFU7PVYtUjPlgoIvk2HtRXTSfNBM5KyUZtR2LumXXkX6xwuWuCN3lqOi9yaLOSG6vtQ+zS3MEMkm2dd2BuH+NXb1odB8OrqNrCJtSkBUoR95fQnsKxLLUhcG21CG38gyjdNEp4Zq8qrJymz3cJSh7sH6j7TSI9Ma4SJy8byFlJ6gHtRVqWQM7FeM9vSivUpxUYpI8Kq7ybJGYnSSCSRk8fhWRpHFio7bjx+NFFc32mdX8voXl+\/RRRXatjie5\/\/Z'); background-position: 45% 14%; height: 100%; width: 100%;\"><\/div>\n\n\t\n\t\t<lazy-media-inline\n\t\t:sizes=\"{&quot;medium&quot;:{&quot;file&quot;:&quot;Cherry-Blossom-207x300.jpg&quot;,&quot;width&quot;:207,&quot;height&quot;:300,&quot;mime-type&quot;:&quot;image\\\/jpeg&quot;,&quot;filesize&quot;:10428},&quot;large&quot;:{&quot;file&quot;:&quot;Cherry-Blossom-707x1024.jpg&quot;,&quot;width&quot;:707,&quot;height&quot;:1024,&quot;mime-type&quot;:&quot;image\\\/jpeg&quot;,&quot;filesize&quot;:82544},&quot;medium_large&quot;:{&quot;file&quot;:&quot;Cherry-Blossom-768x1112.jpg&quot;,&quot;width&quot;:768,&quot;height&quot;:1112,&quot;mime-type&quot;:&quot;image\\\/jpeg&quot;,&quot;filesize&quot;:96061},&quot;1536x1536&quot;:{&quot;file&quot;:&quot;Cherry-Blossom-1061x1536.jpg&quot;,&quot;width&quot;:1061,&quot;height&quot;:1536,&quot;mime-type&quot;:&quot;image\\\/jpeg&quot;,&quot;filesize&quot;:175795},&quot;2048x2048&quot;:{&quot;file&quot;:&quot;Cherry-Blossom-1414x2048.jpg&quot;,&quot;width&quot;:1414,&quot;height&quot;:2048,&quot;mime-type&quot;:&quot;image\\\/jpeg&quot;,&quot;filesize&quot;:296901},&quot;small&quot;:{&quot;file&quot;:&quot;Cherry-Blossom-304x440.jpg&quot;,&quot;width&quot;:304,&quot;height&quot;:440,&quot;mime-type&quot;:&quot;image\\\/jpeg&quot;,&quot;filesize&quot;:19098},&quot;semi&quot;:{&quot;file&quot;:&quot;Cherry-Blossom-400x580.jpg&quot;,&quot;width&quot;:400,&quot;height&quot;:580,&quot;mime-type&quot;:&quot;image\\\/jpeg&quot;,&quot;filesize&quot;:30247},&quot;mobile&quot;:{&quot;file&quot;:&quot;Cherry-Blossom-497x720.jpg&quot;,&quot;width&quot;:497,&quot;height&quot;:720,&quot;mime-type&quot;:&quot;image\\\/jpeg&quot;,&quot;filesize&quot;:44151},&quot;hd&quot;:{&quot;file&quot;:&quot;Cherry-Blossom-884x1280.jpg&quot;,&quot;width&quot;:884,&quot;height&quot;:1280,&quot;mime-type&quot;:&quot;image\\\/jpeg&quot;,&quot;filesize&quot;:125036},&quot;full&quot;:{&quot;file&quot;:&quot;Cherry-Blossom-1326x1920.jpg&quot;,&quot;width&quot;:1326,&quot;height&quot;:1920,&quot;mime-type&quot;:&quot;image\\\/jpeg&quot;,&quot;filesize&quot;:264510},&quot;original&quot;:{&quot;file&quot;:&quot;Cherry-Blossom.jpg&quot;,&quot;width&quot;:1419,&quot;height&quot;:2055}}\"\n\t\t:alt=\"&quot;&quot;\"\n\t\t:path=\"&quot;\\\/wp-content\\\/uploads\\\/2023\\\/11\\\/&quot;\"\n\t\t:video=\"&quot;&quot;\"\n\t\t:autoplay=\"null\"\n\t\t:youtube=\"&quot;&quot;\"\n\t\t:youtubelabel=\"&quot;play&quot;\"\n\t\t:brightness=\"1\"\n\t\t:crop=\"{&quot;x&quot;:0.45,&quot;y&quot;:0.14}\"\n\t\t:background=\"true\"\n\t\t:scale=\"1\"\n\t\t:zoom=\"false\"\n\t\t:annotations=\"null\"><\/lazy-media-inline>\n\t\t\t<\/div>\n<\/div>\n\n\n\n\n\n\n<\/figure>\n\n\t\t<\/div>\n<\/li>\n\n\t\t\t\t\t<\/ul>\n\t\t\t\t\t\t\t<\/template>\n\t\t<\/ho-lane>\n\t\t<\/div>\n<\/div>\n<\/section>\n\n<section class='wp-block-ho-pattern ' data-pattern='ho\/text-mit-button'>\n\n<div  class='container-fluid margin-bottom-7'>\n\n<div  class='row padding-bottom-4'>\n\n<div  class='col col-xs-12 col-md-8'>\t<p class='body'>Catalogue of the Exhibition<\/p>\n<\/div>\n<\/div>\n\n\n\n\n<div  class='row'>\n\n<div  class='col col-xs-12 col-md-8'>\n\n<div class='wp-block-ho-buttons '>\n<div class=\"wp-block-ho-buttons-item\">\n\t<a href=\"\"  target=\"\" role=\"button\" aria-pressed=\"false\" rel=\"nofollow\" class=\"ho-button is-primary has-outgoing-link-icon-left\">\n\t\t\t\t<span class=\"ho-button-label \">Catalogue<\/span>\n\t<\/a>\n<\/div>\n<\/div>\n<\/div>\n<\/div>\n<\/div>\n<\/section>\n\n<section class='wp-block-ho-pattern ' data-pattern='ho\/teaser-newsletter-text-rechts-und-bild-links'>\n\n<div  class='margin-bottom-7'><div class=\"structure-content-color button-invert\" style=\"--content-color-foreground: #FFFFFF;--content-color-background: #131313;color: #FFFFFF;background: #131313;\">\n<div class='structure-content-color-content'>\n\n<div  class='padding-top-5 padding-bottom-5'>\n\n<div  class='container-fluid'>\n\n<div  class='row'>\n\n<div  class='col col-xs-12 col-md-7'>\n\n<div  class='margin-bottom-5'>\n<h2  style=\"white-space: normal;\">Everyone is a Designer?<br \/>\nOpen call for homemade design objects<\/h2>\n<\/div>\n<\/div>\n<\/div>\n\n\n\n\n<div  class='row'>\n\n<div  class='col col-md-5 col-md-offset-0 col-xs-7 col-xs-offset-5 mobile-margin-bottom-5'><figure itemscope itemtype=\"http:\/\/schema.org\/ImageObject\" class=\"lazy-media-inline \" role=\"group\" aria-describedby=\"media_MTLzfb\">\n<div class=\"height-container \" style=\"padding-bottom:93.916666666667%;   \">\n\t<div class=\"height-container-contents lazy-media-contents\">\n\t\n\t<div class=\"lazy-media-preview\" style=\"background-image: url('data:image\/jpeg;base64,\/9j\/4AAQSkZJRgABAQEAYABgAAD\/\/gA7Q1JFQVRPUjogZ2QtanBlZyB2MS4wICh1c2luZyBJSkcgSlBFRyB2NjIpLCBxdWFsaXR5ID0gOTAK\/9sAQwADAgIDAgIDAwMDBAMDBAUIBQUEBAUKBwcGCAwKDAwLCgsLDQ4SEA0OEQ4LCxAWEBETFBUVFQwPFxgWFBgSFBUU\/9sAQwEDBAQFBAUJBQUJFA0LDRQUFBQUFBQUFBQUFBQUFBQUFBQUFBQUFBQUFBQUFBQUFBQUFBQUFBQUFBQUFBQUFBQU\/8AAEQgAFgAYAwEiAAIRAQMRAf\/EAB8AAAEFAQEBAQEBAAAAAAAAAAABAgMEBQYHCAkKC\/\/EALUQAAIBAwMCBAMFBQQEAAABfQECAwAEEQUSITFBBhNRYQcicRQygZGhCCNCscEVUtHwJDNicoIJChYXGBkaJSYnKCkqNDU2Nzg5OkNERUZHSElKU1RVVldYWVpjZGVmZ2hpanN0dXZ3eHl6g4SFhoeIiYqSk5SVlpeYmZqio6Slpqeoqaqys7S1tre4ubrCw8TFxsfIycrS09TV1tfY2drh4uPk5ebn6Onq8fLz9PX29\/j5+v\/EAB8BAAMBAQEBAQEBAQEAAAAAAAABAgMEBQYHCAkKC\/\/EALURAAIBAgQEAwQHBQQEAAECdwABAgMRBAUhMQYSQVEHYXETIjKBCBRCkaGxwQkjM1LwFWJy0QoWJDThJfEXGBkaJicoKSo1Njc4OTpDREVGR0hJSlNUVVZXWFlaY2RlZmdoaWpzdHV2d3h5eoKDhIWGh4iJipKTlJWWl5iZmqKjpKWmp6ipqrKztLW2t7i5usLDxMXGx8jJytLT1NXW19jZ2uLj5OXm5+jp6vLz9PX29\/j5+v\/aAAwDAQACEQMRAD8A948Q\/sY+GNd1f+1NMj\/sHU4m81LmEYIb1qnY33iv4AXf2TxD4oj8U6MxBJA\/0q2B\/iYd1r3rV9SOkahBBb7Z47rJdnflDjjFfKHx88f28Pjz+xYUt7PxJqSpZyTO+6M2zd+eh965Y3p6U2d9SpLEpSru9u7ufUvhrxBZ+KIbO4sdTtr+G4G5FSQEkfSivjr4W\/EOy8Hate+bPDNd+HQ7ZteEnC9FXHWitnibPVnH9XS2R9J6Z4zXxHNaboGjlMPmK+ema8b+NngLwneeMbbUdU0ltQ1N4lxM0pAUegAoorjrtpqx24eKadzzmL+yfDuozpY6PbwQykjCrzj3NFFFEYpq7Byadkf\/2Q=='); background-position: 50% 50%; height: 100%; width: 100%;\"><\/div>\n\n\t\n\t\n<div class=\"lazy-media loaded\">\n\t<img decoding=\"async\" src=\"https:\/\/www.die-neue-sammlung.de\/wp-content\/uploads\/2024\/06\/FvB_04_Foto-Anna-Seibel-1200x1127-1.jpg\" srcset=\"https:\/\/www.die-neue-sammlung.de\/wp-content\/uploads\/2024\/06\/FvB_04_Foto-Anna-Seibel-1200x1127-1.jpg 1200w, https:\/\/www.die-neue-sammlung.de\/wp-content\/uploads\/2024\/06\/FvB_04_Foto-Anna-Seibel-1200x1127-1-300x282.jpg 300w, https:\/\/www.die-neue-sammlung.de\/wp-content\/uploads\/2024\/06\/FvB_04_Foto-Anna-Seibel-1200x1127-1-1024x962.jpg 1024w, https:\/\/www.die-neue-sammlung.de\/wp-content\/uploads\/2024\/06\/FvB_04_Foto-Anna-Seibel-1200x1127-1-768x721.jpg 768w, https:\/\/www.die-neue-sammlung.de\/wp-content\/uploads\/2024\/06\/FvB_04_Foto-Anna-Seibel-1200x1127-1-440x413.jpg 440w, https:\/\/www.die-neue-sammlung.de\/wp-content\/uploads\/2024\/06\/FvB_04_Foto-Anna-Seibel-1200x1127-1-580x545.jpg 580w, https:\/\/www.die-neue-sammlung.de\/wp-content\/uploads\/2024\/06\/FvB_04_Foto-Anna-Seibel-1200x1127-1-720x676.jpg 720w\" sizes=\"(max-width: 763px) 100vw, (min-width: 764px) and (max-width: 1023px) 58.333333333333vw, (min-width: 1024px) 58.333333333333vw\" alt=\"Wall in front of the type case, labeled with exhibition themes such as Sexualized, Formed, Disciplined.\" loading=\"lazy\" \/>\n<\/div>\t\t<\/div>\n<\/div>\n\n\n\n\n\n\t\t<figcaption class=\"\" id=\"media_MTLzfb\">\n\t\t\t<div class=\"figcaption-wrapper\">\n\t\t\t\t\t\t\t<div class=\"lazy-media-image-label\">Exhibition view, Friedrich von Borries. Politics of Design, Design of Politics, Die Neue Sammlung, 2018. <\/div>\n\t\t\t\t\t\t\t\t\t\t<div class=\"lazy-media-image-description\">Photo: Anna Seibel <\/div>\n\t\t\t\t\t\t\t\t\t<\/div>\n\t\t<\/figcaption>\n\t\n<\/figure>\n\n\t\t<\/div>\n\n\n\n\n<div  class='col col-xs-12 col-md-6 col-md-offset-1'>\n\n<div  class='sizes-height-fill flex-align-center-left'>\n\n<div class=\"wp-block-ho-div\">\n\n<div  class='margin-bottom-4'>\n<h3  style=\"white-space: normal;\">How can design contribute to society\u2019s social and cultural development?<\/h3>\n<\/div>\n\n\n\n\n<div  class='margin-bottom-4'>\t<p class='teaser-copy'>In the context of the exhibition Die Neue Sammlung is inviting <strong>amateur designers<\/strong> and <strong>DIY enthusiasts<\/strong> to bring their homemade objects to the museum and to juxtapose their objects with those of the museum.<\/p>\n<\/div>\n\n\n\n\n<div  class='margin-bottom-4'>\n\n<div class='wp-block-ho-buttons '>\n<div class=\"wp-block-ho-buttons-item\">\n\t<a href=\"https:\/\/www.die-neue-sammlung.de\/en\/artikel\/togetthere-xperience-2018\/\"  target=\"\" role=\"button\" aria-pressed=\"false\" rel=\"nofollow\" class=\"ho-button is-tertiary has-outgoing-link-icon-left\">\n\t\t\t\t<span class=\"ho-button-label \">Learn more <\/span>\n\t<\/a>\n<\/div>\n<\/div>\n<\/div>\n<\/div>\n<\/div>\n<\/div>\n<\/div>\n<\/div>\n<\/div>\n<\/div>\n<\/div>\n<\/div>\n<\/section>\n\n<section class='wp-block-ho-pattern ' data-pattern='ho\/kuration-sponsoren-auf-grauem-hintergrund'>\n\n<div  class='margin-bottom-7'><div class=\"structure-content-color\" style=\"--content-color-foreground: #000000;--content-color-background: #EEEEEE;color: #000000;background: #EEEEEE;\">\n<div class='structure-content-color-content'>\n\n<div  class='padding-top-4 padding-bottom-4'>\n\n<div  class='container-fluid'><ul class=\"wp-block wp-block-ho-grid row \">\n\t<li class=\"wp-block-ho-grid-item col col-xs-12 col-md-6\">\n\t\n\n<div  class='padding-top-4 padding-bottom-4'>\n<h3 class='body-small-bold' style=\"white-space: normal;\">Curated by:<\/h3>\n\n\n\t<p class='body-small'>Angelika Nollert, Xenia Riemann-Tyroller<\/p>\n<\/div>\n<\/li><li class=\"wp-block-ho-grid-item col col-xs-12 col-md-6\">\n\t\n\n<div  class='padding-top-4 padding-bottom-4'>\n<h3 class='body-small-bold' style=\"white-space: normal;\">Supported by:<\/h3>\n\n\n\t<p class='body-small'>PIN. Freunde der Pinakothek der Moderne e.V.<br>Legero united, the shoemakers<br>Leinemann-Stiftung f\u00fcr Bildung und Kunst<br>Bundeszentrale f\u00fcr politische Bildung <br>HFBK, Hochschule f\u00fcr bildende K\u00fcnste Hamburg<\/p>\n<\/div>\n<\/li><\/ul><\/div>\n<\/div>\n<\/div>\n<\/div>\n<\/div>\n<\/section>","protected":false},"excerpt":{"rendered":"<p>Deals with the relationship between politics and design as well as the question of the field of tension in which designers and architects operate.<\/p>\n","protected":false},"author":11,"featured_media":4735,"template":"","meta":{"_acf_changed":false,"ho_image_focal_point":"","footnotes":""},"ho_flag":[],"class_list":["post-4745","exhibition","type-exhibition","status-publish","has-post-thumbnail","hentry"],"acf":{"audio":"","video":"","poster":"","start":"20181130","end":"20190929","location":"M\u00fcnchen","noindex":false,"keywords":"","seo_titel":""},"_links":{"self":[{"href":"https:\/\/www.die-neue-sammlung.de\/en\/wp-json\/wp\/v2\/exhibition\/4745","targetHints":{"allow":["GET"]}}],"collection":[{"href":"https:\/\/www.die-neue-sammlung.de\/en\/wp-json\/wp\/v2\/exhibition"}],"about":[{"href":"https:\/\/www.die-neue-sammlung.de\/en\/wp-json\/wp\/v2\/types\/exhibition"}],"author":[{"embeddable":true,"href":"https:\/\/www.die-neue-sammlung.de\/en\/wp-json\/wp\/v2\/users\/11"}],"version-history":[{"count":25,"href":"https:\/\/www.die-neue-sammlung.de\/en\/wp-json\/wp\/v2\/exhibition\/4745\/revisions"}],"predecessor-version":[{"id":22781,"href":"https:\/\/www.die-neue-sammlung.de\/en\/wp-json\/wp\/v2\/exhibition\/4745\/revisions\/22781"}],"wp:featuredmedia":[{"embeddable":true,"href":"https:\/\/www.die-neue-sammlung.de\/en\/wp-json\/wp\/v2\/media\/4735"}],"wp:attachment":[{"href":"https:\/\/www.die-neue-sammlung.de\/en\/wp-json\/wp\/v2\/media?parent=4745"}],"wp:term":[{"taxonomy":"ho_flag","embeddable":true,"href":"https:\/\/www.die-neue-sammlung.de\/en\/wp-json\/wp\/v2\/ho_flag?post=4745"}],"curies":[{"name":"wp","href":"https:\/\/api.w.org\/{rel}","templated":true}]}}