{"id":7275,"date":"2011-03-01T11:48:00","date_gmt":"2011-03-01T10:48:00","guid":{"rendered":"https:\/\/www.die-neue-sammlung.de\/?post_type=publication&#038;p=7275"},"modified":"2024-04-22T12:13:24","modified_gmt":"2024-04-22T10:13:24","slug":"radical-peter-skubic-jewelry","status":"publish","type":"publication","link":"https:\/\/www.die-neue-sammlung.de\/en\/publikation\/radical-peter-skubic-jewelry\/","title":{"rendered":"Radical. Peter Skubic. Jewelry"},"content":{"rendered":"<section class='wp-block-ho-pattern ' data-pattern='ho\/header-publikation'>\n\n<div  class='margin-bottom-7'>\n\n<div  class='container-fluid'>\n\n<div  class='row'>\n\n<div  class='col col-xs-12 col-md-6'>\n\n<div  class='margin-bottom-4'><div class=\"ho-tags\"><a href=\"https:\/\/www.die-neue-sammlung.de\/en\/art\/catalogues\/?post_type=publication\" class=\"ho-tag is-tertiary is-small\">\n                        <span class=\"ho-tag-label\">Catalogues<\/span>\n                    <\/a><\/div><\/div>\n\n\n\n\n<div  class='margin-bottom-4'>\n<h1>Radical. Peter Skubic. Jewelry<\/h1>\n<\/div>\n\n\n\n\n<div  class='margin-bottom-4'><div class=body-large>Catalogue of the Exhibition 2011<\/div><\/div>\n<\/div>\n<\/div>\n\n\n\n\n<div  class='row'>\n\n<div  class='col col-xs-12 col-md-12'>\n\n<div  class='margin-bottom-4'><div class=\"wp-block-ho-slot \">\n<div class=\"accessibility-menu\">\n\t<div class=\"wp-block-ho-buttons\">\n\t\t\n\t\t\n\n\t\t\t<\/div>\n<\/div>\n\n<\/div>\n<\/div>\n<\/div>\n<\/div>\n\n\n\n\n<div  class='row'>\n\n<div  class='col col-md-6 col-md-offset-3 col-xs-offset-2 col-xs-8'>\n\n<div  class='margin-bottom-4'><figure itemscope itemtype=\"http:\/\/schema.org\/ImageObject\" class=\"lazy-media-inline \" role=\"group\" aria-describedby=\"media_uuPBCJ\">\n<div class=\"height-container \" style=\"padding-bottom:130.31578947368%;   \">\n\t<div class=\"height-container-contents lazy-media-contents\">\n\t\n\t<div class=\"lazy-media-preview\" style=\"background-image: url('data:image\/jpeg;base64,\/9j\/4AAQSkZJRgABAQEAYABgAAD\/\/gA7Q1JFQVRPUjogZ2QtanBlZyB2MS4wICh1c2luZyBJSkcgSlBFRyB2NjIpLCBxdWFsaXR5ID0gOTAK\/9sAQwADAgIDAgIDAwMDBAMDBAUIBQUEBAUKBwcGCAwKDAwLCgsLDQ4SEA0OEQ4LCxAWEBETFBUVFQwPFxgWFBgSFBUU\/9sAQwEDBAQFBAUJBQUJFA0LDRQUFBQUFBQUFBQUFBQUFBQUFBQUFBQUFBQUFBQUFBQUFBQUFBQUFBQUFBQUFBQUFBQU\/8AAEQgAHwAYAwEiAAIRAQMRAf\/EAB8AAAEFAQEBAQEBAAAAAAAAAAABAgMEBQYHCAkKC\/\/EALUQAAIBAwMCBAMFBQQEAAABfQECAwAEEQUSITFBBhNRYQcicRQygZGhCCNCscEVUtHwJDNicoIJChYXGBkaJSYnKCkqNDU2Nzg5OkNERUZHSElKU1RVVldYWVpjZGVmZ2hpanN0dXZ3eHl6g4SFhoeIiYqSk5SVlpeYmZqio6Slpqeoqaqys7S1tre4ubrCw8TFxsfIycrS09TV1tfY2drh4uPk5ebn6Onq8fLz9PX29\/j5+v\/EAB8BAAMBAQEBAQEBAQEAAAAAAAABAgMEBQYHCAkKC\/\/EALURAAIBAgQEAwQHBQQEAAECdwABAgMRBAUhMQYSQVEHYXETIjKBCBRCkaGxwQkjM1LwFWJy0QoWJDThJfEXGBkaJicoKSo1Njc4OTpDREVGR0hJSlNUVVZXWFlaY2RlZmdoaWpzdHV2d3h5eoKDhIWGh4iJipKTlJWWl5iZmqKjpKWmp6ipqrKztLW2t7i5usLDxMXGx8jJytLT1NXW19jZ2uLj5OXm5+jp6vLz9PX29\/j5+v\/aAAwDAQACEQMRAD8A+s7LUicc03X\/ABEI7FooJVeQsAwU5wK8l+I\/xC\/4RPStOjSXypL+5W38zP3QeprifhpLq2k+OtTt7+aW4sruIukrEkBlPvW8VdXMW9bHtPnzXlxHaW7YmmOA3p70VL4OTDS6hIpViTHFu\/u+tFF7D5Tw34qaMPHlglpFL5c9hIs0ZPQsOcGun8D6W+vwW+r3Fw0I2CIwKcjjgiucTTNQm1F3S5WOzkbLgD5mHpmugsdHi08D+z7u4sgOdituU\/gazUtLF21ueofbljRUX5VUYAorzmXVdcsUJPkX6ds\/I1FHMgP\/2Q=='); background-position: 50% 50%; height: 100%; width: 100%;\"><\/div>\n\n\t\n\t\n<div class=\"lazy-media loaded\">\n\t<img decoding=\"async\" src=\"https:\/\/www.die-neue-sammlung.de\/wp-content\/uploads\/2024\/04\/skubic_radical_cover.jpg\" srcset=\"https:\/\/www.die-neue-sammlung.de\/wp-content\/uploads\/2024\/04\/skubic_radical_cover.jpg 950w, https:\/\/www.die-neue-sammlung.de\/wp-content\/uploads\/2024\/04\/skubic_radical_cover-230x300.jpg 230w, https:\/\/www.die-neue-sammlung.de\/wp-content\/uploads\/2024\/04\/skubic_radical_cover-786x1024.jpg 786w, https:\/\/www.die-neue-sammlung.de\/wp-content\/uploads\/2024\/04\/skubic_radical_cover-768x1001.jpg 768w, https:\/\/www.die-neue-sammlung.de\/wp-content\/uploads\/2024\/04\/skubic_radical_cover-338x440.jpg 338w, https:\/\/www.die-neue-sammlung.de\/wp-content\/uploads\/2024\/04\/skubic_radical_cover-445x580.jpg 445w, https:\/\/www.die-neue-sammlung.de\/wp-content\/uploads\/2024\/04\/skubic_radical_cover-553x720.jpg 553w\" sizes=\"(max-width: 763px) 100vw, (min-width: 764px) and (max-width: 1023px) 100vw, (min-width: 1024px) 100vw\" alt=\"\" loading=\"lazy\" \/>\n<\/div>\t\t<\/div>\n<\/div>\n\n\n\n\n\n\n<\/figure>\n\n\t\t<\/div>\n<\/div>\n<\/div>\n<\/div>\n<\/div>\n<\/section>\n\n<section class='wp-block-ho-pattern ' data-pattern='ho\/einfacher-text'>\n\n<div  class='container-fluid margin-bottom-7'>\n\n<div  class='row'>\n\n<div  class='col col-xs-12 col-md-8'>\t<p class='body'><strong>Title: Radical. Peter Skubic. Jewelry<\/strong><br>Publisher: Florian Hufnagl, Die Neue Sammlung &#8211; The International Design Museum<br>Authors: Florian Hufnagl, Helmuth Gs\u00f6llpointner, Manuela Schlossinger<br>Place: N\u00fcrnberg<br>Year: 2011<br><br>Published by: Verlag f\u00fcr moderne Kunst <br>Graphic design: Rainer Schmitzberger <br>Format: 23 x 27 cm<br>Pages: 189 with numerous documentary illustrations<br>Language: German and English<br><br><strong>ISBN 978-3-86984-207-3<br>Price: 28,00 Euro<\/strong><br><br>Bibliographic information published by the Deutsche Nationalbibliothek. The Deutsche Nationalbibliothek lists the publication in the Deutsche Nationalbibliografie; detailed bibliographic data are available on:<br>https:\/\/portal.dnb.de\/opac.htm<br><br><\/p>\n<\/div>\n<\/div>\n<\/div>\n<\/section>","protected":false},"excerpt":{"rendered":"<p>Catalogue of the Exhibition 2011<\/p>\n","protected":false},"author":15,"featured_media":16354,"template":"","meta":{"_acf_changed":false,"ho_image_focal_point":"","footnotes":""},"ho_publication_type":[24],"class_list":["post-7275","publication","type-publication","status-publish","has-post-thumbnail","hentry","ho_publication_type-catalogues"],"acf":{"audio":"","video":"","poster":"","noindex":false,"keywords":"","seo_titel":""},"_links":{"self":[{"href":"https:\/\/www.die-neue-sammlung.de\/en\/wp-json\/wp\/v2\/publication\/7275","targetHints":{"allow":["GET"]}}],"collection":[{"href":"https:\/\/www.die-neue-sammlung.de\/en\/wp-json\/wp\/v2\/publication"}],"about":[{"href":"https:\/\/www.die-neue-sammlung.de\/en\/wp-json\/wp\/v2\/types\/publication"}],"author":[{"embeddable":true,"href":"https:\/\/www.die-neue-sammlung.de\/en\/wp-json\/wp\/v2\/users\/15"}],"version-history":[{"count":25,"href":"https:\/\/www.die-neue-sammlung.de\/en\/wp-json\/wp\/v2\/publication\/7275\/revisions"}],"predecessor-version":[{"id":17593,"href":"https:\/\/www.die-neue-sammlung.de\/en\/wp-json\/wp\/v2\/publication\/7275\/revisions\/17593"}],"wp:featuredmedia":[{"embeddable":true,"href":"https:\/\/www.die-neue-sammlung.de\/en\/wp-json\/wp\/v2\/media\/16354"}],"wp:attachment":[{"href":"https:\/\/www.die-neue-sammlung.de\/en\/wp-json\/wp\/v2\/media?parent=7275"}],"wp:term":[{"taxonomy":"ho_publication_type","embeddable":true,"href":"https:\/\/www.die-neue-sammlung.de\/en\/wp-json\/wp\/v2\/ho_publication_type?post=7275"}],"curies":[{"name":"wp","href":"https:\/\/api.w.org\/{rel}","templated":true}]}}